{"id":855,"date":"2023-03-15T14:08:10","date_gmt":"2023-03-15T14:08:10","guid":{"rendered":"http:\/\/sindihoteis.com.br\/?page_id=855"},"modified":"2023-03-15T14:13:07","modified_gmt":"2023-03-15T14:13:07","slug":"informativo","status":"publish","type":"page","link":"http:\/\/sindihoteis.com.br\/?page_id=855","title":{"rendered":"Informativo"},"content":{"rendered":"\n<!-- Facebook Like Button v1.9.6 BEGIN [http:\/\/blog.bottomlessinc.com] -->\n<iframe src=\"http:\/\/www.facebook.com\/plugins\/like.php?href=http%3A%2F%2Fsindihoteis.com.br%2F%3Fpage_id%3D855&amp;layout=standard&amp;show_faces=false&amp;width=450&amp;action=like&amp;colorscheme=light\" scrolling=\"no\" frameborder=\"0\" allowTransparency=\"true\" style=\"border:none; overflow:hidden; width:450px; height: 30px; align: left; margin: 2px 0px 2px 0px\"><\/iframe>\n<!-- Facebook Like Button END -->\n<p>Este canal \u00e9 para mantermos nossos associados e seguidores a parte das novidades e conquistas do setor.<\/p>\n<p>&#8211; Datas festivas e comemorativas<\/p>\n<p>&#8211; Eventos , Festas e Reuni\u00f5es<\/p>\n<p>&#8211; Lembretes importantes<\/p>\n<p>&#8211; Dicas dos parceiros e colaboradores<\/p>\n<h1>Fornatur debate atra\u00e7\u00e3o de investimentos no turismo<\/h1>\n<p>Fonte\u00a0https:\/\/www.portaldocomercio.org.br\/noticias\/fornatur-debate-atracao-de-investimentos-no-turismo\/464231<\/p>\n<p>O diretor da Confedera\u00e7\u00e3o Nacional do Com\u00e9rcio de Bens, Servi\u00e7os e Turismo (CNC) e coordenador do Conselho Empresarial de Turismo e Hospitalidade (Cetur) da entidade, Alexandre Sampaio, participou da 103\u00aa reuni\u00e3o do F\u00f3rum Nacional dos Secret\u00e1rios e Dirigentes Estaduais de Turismo (Fornatur), realizado na segunda-feira, 6 de fevereiro, em Bras\u00edlia (DF).<\/p>\n<p>O Fornatur \u00e9 respons\u00e1vel por deliberar sobre o turismo brasileiro, incorporando as demandas estaduais, regionais e nacionais. O colegiado assessora o Minist\u00e9rio do Turismo na constru\u00e7\u00e3o e implementa\u00e7\u00e3o do Plano Nacional de Turismo e na discuss\u00e3o dos principais programas e projetos do setor.<\/p>\n<figure id=\"attachment_464236\" class=\"wp-caption alignright\"><img decoding=\"async\" loading=\"lazy\" class=\"wp-image-464236 size-medium\" src=\"https:\/\/portal-bucket.azureedge.net\/wp-content\/2023\/02\/baa1ccbbf1aeb07de5fc696875bfa8d7-135x300.jpeg\" srcset=\"https:\/\/portal-bucket.azureedge.net\/wp-content\/2023\/02\/baa1ccbbf1aeb07de5fc696875bfa8d7-135x300.jpeg 135w, https:\/\/portal-bucket.azureedge.net\/wp-content\/2023\/02\/baa1ccbbf1aeb07de5fc696875bfa8d7-462x1024.jpeg 462w, https:\/\/portal-bucket.azureedge.net\/wp-content\/2023\/02\/baa1ccbbf1aeb07de5fc696875bfa8d7-68x150.jpeg 68w, https:\/\/portal-bucket.azureedge.net\/wp-content\/2023\/02\/baa1ccbbf1aeb07de5fc696875bfa8d7.jpeg 541w\" alt=\"\" width=\"135\" height=\"300\" \/><figcaption id=\"caption-attachment-464236\" class=\"wp-caption-text\">Diretor da CNC, Alexandre Sampaio, entrega publica\u00e7\u00e3o do cetur\/CNC para Ministra do Turismo, Daniela Carneiro.<\/figcaption><\/figure>\n<p>O evento contou com a participa\u00e7\u00e3o da ministra do Turismo, Daniela Carneiro, do presidente da Embratur, Marcelo Freixo, de secret\u00e1rios e subsecret\u00e1rios de turismo dos Estados e do Distrito Federal, al\u00e9m de representantes de entidades ligadas ao setor, como a Associa\u00e7\u00e3o Brasileira de Ag\u00eancias de Viagens (Abav),\u00a0Associa\u00e7\u00e3o Brasileira das Empresas A\u00e9reas (Abear), e\u00a0da Gol\u00a0e\u00a0Latam\u00a0Linhas A\u00e9reas.<\/p>\n<p>O objetivo foi discutir solu\u00e7\u00f5es para vencer os desafios do setor do turismo e fortalec\u00ea-lo como atividade de gera\u00e7\u00e3o de emprego, renda e riqueza no Pa\u00eds. O Fornatur \u00e9 um colegiado t\u00e9cnico, criado em 2000, que debate temas relevantes do turismo nacional e auxilia o Minist\u00e9rio do Turismo na condu\u00e7\u00e3o de pol\u00edticas p\u00fablicas para o Pa\u00eds.<\/p>\n<p>Alexandre Sampaio destacou que a CNC segue parceira do poder p\u00fablico e das institui\u00e7\u00f5es, nas iniciativas positivas de fomento ao turismo. \u201cO Fornatur \u00e9 um evento importante para que todos os desafios sejam colocados em debate, assim como as solu\u00e7\u00f5es. A CNC, por meio de suas Federa\u00e7\u00f5es, p\u00f5e \u00e0 disposi\u00e7\u00e3o da sociedade o Sesc e o Senac, que realizam um importante trabalho de fomento ao setor hoteleiro e de forma\u00e7\u00e3o e capacita\u00e7\u00e3o profissional, preparando os jovens para o futuro\u201d, afirmou.<\/p>\n\n<!-- Facebook Like Button v1.9.6 BEGIN [http:\/\/blog.bottomlessinc.com] -->\n<iframe src=\"http:\/\/www.facebook.com\/plugins\/like.php?href=http%3A%2F%2Fsindihoteis.com.br%2F%3Fpage_id%3D855&amp;layout=standard&amp;show_faces=false&amp;width=450&amp;action=like&amp;colorscheme=light\" scrolling=\"no\" frameborder=\"0\" allowTransparency=\"true\" style=\"border:none; overflow:hidden; width:450px; height: 30px; align: left; margin: 2px 0px 2px 0px\"><\/iframe>\n<!-- Facebook Like Button END -->\n","protected":false},"excerpt":{"rendered":"<p>Este canal \u00e9 para mantermos nossos associados e seguidores a parte das novidades e conquistas do setor. &#8211; Datas festivas e comemorativas &#8211; Eventos , Festas e Reuni\u00f5es &#8211; Lembretes importantes &#8211; Dicas dos parceiros e colaboradores Fornatur debate atra\u00e7\u00e3o de investimentos no turismo Fonte\u00a0https:\/\/www.portaldocomercio.org.br\/noticias\/fornatur-debate-atracao-de-investimentos-no-turismo\/464231 O diretor da Confedera\u00e7\u00e3o Nacional &hellip; <a class=\"continue-reading-link\" href=\"http:\/\/sindihoteis.com.br\/?page_id=855\"> Continue reading <span class=\"meta-nav\">&rarr; <\/span><\/a><\/p>\n","protected":false},"author":1,"featured_media":0,"parent":0,"menu_order":0,"comment_status":"closed","ping_status":"closed","template":"","meta":[],"_links":{"self":[{"href":"http:\/\/sindihoteis.com.br\/index.php?rest_route=\/wp\/v2\/pages\/855"}],"collection":[{"href":"http:\/\/sindihoteis.com.br\/index.php?rest_route=\/wp\/v2\/pages"}],"about":[{"href":"http:\/\/sindihoteis.com.br\/index.php?rest_route=\/wp\/v2\/types\/page"}],"author":[{"embeddable":true,"href":"http:\/\/sindihoteis.com.br\/index.php?rest_route=\/wp\/v2\/users\/1"}],"replies":[{"embeddable":true,"href":"http:\/\/sindihoteis.com.br\/index.php?rest_route=%2Fwp%2Fv2%2Fcomments&post=855"}],"version-history":[{"count":1,"href":"http:\/\/sindihoteis.com.br\/index.php?rest_route=\/wp\/v2\/pages\/855\/revisions"}],"predecessor-version":[{"id":856,"href":"http:\/\/sindihoteis.com.br\/index.php?rest_route=\/wp\/v2\/pages\/855\/revisions\/856"}],"wp:attachment":[{"href":"http:\/\/sindihoteis.com.br\/index.php?rest_route=%2Fwp%2Fv2%2Fmedia&parent=855"}],"curies":[{"name":"wp","href":"https:\/\/api.w.org\/{rel}","templated":true}]}}